{"id":12,"date":"2015-04-02T09:24:43","date_gmt":"2015-04-02T09:24:43","guid":{"rendered":"http:\/\/ahimsa-yogaschule.de\/?page_id=12"},"modified":"2021-11-08T12:13:35","modified_gmt":"2021-11-08T12:13:35","slug":"yoga-auf-dem-stuhl","status":"publish","type":"page","link":"https:\/\/ahimsa-yogaschule.de\/?page_id=12","title":{"rendered":"Yoga auf dem Stuhl"},"content":{"rendered":"<p align=\"center\"><em><strong>Bei Interesse nehmen Sie bitte Kontakt mit mir auf !<\/strong><\/em><\/p>\n<p align=\"center\">&#8212;&#8212;&#8212;&#8212;&#8212;&#8212;&#8212;&#8212;&#8212;&#8212;&#8212;&#8212;&#8212;&#8212;&#8212;&#8212;&#8212;&#8212;&#8212;&#8212;&#8212;&#8212;&#8212;&#8212;&#8212;&#8212;&#8212;&#8212;&#8212;&#8212;&#8212;&#8212;&#8212;&#8212;<\/p>\n<p align=\"center\">\u201a<span style=\"font-size: large;\">Yoga auf dem Stuhl\u2019 richtet sich besonders an Menschen, die <\/span><span style=\"font-size: large;\">etwas f\u00fcr K\u00f6rper und Seele tun m\u00f6chten, aber bef\u00fcrchten nicht <\/span><span style=\"font-size: large;\">mehr von der Matte aufstehen zu k\u00f6nnen. Sie m\u00fcssen trotz <\/span><span style=\"font-size: large;\">eingeschr\u00e4nkter Mobilit\u00e4t nicht auf Yoga verzichten. <\/span><\/p>\n<p align=\"center\"><span style=\"font-size: large;\">Es bedarf keiner bestimmter Voraussetzung und keiner <\/span><span style=\"font-size: large;\">besonderen Gelenkigkeit, um an diesem Workshop <\/span><span style=\"font-size: large;\">teilzunehmen. Daf\u00fcr erlernen Sie eine Art Yoga, der besonders <\/span><span style=\"font-size: large;\">leicht in den Alltag zu integrieren ist.<\/span><\/p>\n<p align=\"center\"><span style=\"font-size: large;\">Sie erlernen Atem\u00fcbungen sowie \u00dcbungen, die den gesamten <\/span><span style=\"font-size: large;\">K\u00f6rper strecken und dehnen und erfahren dadurch eine innere <\/span><span style=\"font-size: large;\">Ruhe, die durch eine abschlie\u00dfende Endentspannung <\/span><span style=\"font-size: large;\">vertieft wird.<\/span><\/p>\n<p><span style=\"font-size: large;\"><strong><span style=\"font-size: x-large;\">Dauer<\/span><\/strong>: 2 Stunden<br \/><\/span><span style=\"font-size: large;\"><strong><span style=\"font-size: x-large;\">Preis:<\/span><\/strong> 23 \u20ac<br \/><\/span><span style=\"font-size: large;\"><strong><span style=\"font-size: x-large;\">Teilnehmerzahl<\/span><\/strong>: Nach Absprache<br \/><\/span><span style=\"font-size: large;\"><strong><span style=\"font-size: x-large;\">Datum<\/span><\/strong>: Nach Absprache<br \/><\/span><span style=\"font-size: large;\"><strong><span style=\"font-size: x-large;\">Uhrzeit<\/span><\/strong>: Nach Absprache<br \/><\/span><span style=\"font-size: large;\"><strong><span style=\"font-size: x-large;\">Ort<\/span><\/strong>: Nach Absprache<br \/><\/span><\/p>\n<p><span style=\"font-size: large;\"><strong><span style=\"font-size: x-large;\">Anmeldung<\/span><\/strong>: Anni Behmann (Yogalehrerin YVL)<br \/><\/span><span style=\"font-size: large;\"><strong><span style=\"font-size: x-large;\">Mobil<\/span><\/strong>: 0178 5306186<br \/><\/span><span style=\"font-size: large;\"><strong><span style=\"font-size: x-large;\">Email<\/span><\/strong> : <\/span><span style=\"font-size: x-large;\"><a href=\"mailto:yoga@anni-behmann.de\"><span style=\"text-decoration: underline;\">yoga@anni-behmann.de<br \/><\/span><\/a><\/span><span style=\"font-size: large;\"><strong><span style=\"font-size: x-large;\">Homepage<\/span><\/strong>: <a href=\"https:\/\/www.anni-behmann.de\" target=\"_blank\" rel=\"noopener noreferrer\">Anni-Behmann.de<\/a> oder <a href=\"https:\/\/www.ahimsa-yogaschule.de\" target=\"_blank\" rel=\"noopener noreferrer\">Ahimsa-Yogaschule.de<\/a><br \/><\/span><\/p>\n\n\n<p><\/p>\n","protected":false},"excerpt":{"rendered":"<p>Bei Interesse nehmen Sie bitte Kontakt mit mir auf ! &#8212;&#8212;&#8212;&#8212;&#8212;&#8212;&#8212;&#8212;&#8212;&#8212;&#8212;&#8212;&#8212;&#8212;&#8212;&#8212;&#8212;&#8212;&#8212;&#8212;&#8212;&#8212;&#8212;&#8212;&#8212;&#8212;&#8212;&#8212;&#8212;&#8212;&#8212;&#8212;&#8212;&#8212; \u201aYoga auf dem Stuhl\u2019 richtet sich besonders an Menschen, die etwas f\u00fcr K\u00f6rper und Seele tun m\u00f6chten, aber bef\u00fcrchten nicht mehr von der Matte aufstehen zu k\u00f6nnen. Sie m\u00fcssen &hellip; <a href=\"https:\/\/ahimsa-yogaschule.de\/?page_id=12\">Weiterlesen <span class=\"meta-nav\">&rarr;<\/span><\/a><\/p>\n","protected":false},"author":1,"featured_media":0,"parent":2,"menu_order":0,"comment_status":"closed","ping_status":"closed","template":"","meta":{"footnotes":""},"class_list":["post-12","page","type-page","status-publish","hentry"],"_links":{"self":[{"href":"https:\/\/ahimsa-yogaschule.de\/index.php?rest_route=\/wp\/v2\/pages\/12","targetHints":{"allow":["GET"]}}],"collection":[{"href":"https:\/\/ahimsa-yogaschule.de\/index.php?rest_route=\/wp\/v2\/pages"}],"about":[{"href":"https:\/\/ahimsa-yogaschule.de\/index.php?rest_route=\/wp\/v2\/types\/page"}],"author":[{"embeddable":true,"href":"https:\/\/ahimsa-yogaschule.de\/index.php?rest_route=\/wp\/v2\/users\/1"}],"replies":[{"embeddable":true,"href":"https:\/\/ahimsa-yogaschule.de\/index.php?rest_route=%2Fwp%2Fv2%2Fcomments&post=12"}],"version-history":[{"count":7,"href":"https:\/\/ahimsa-yogaschule.de\/index.php?rest_route=\/wp\/v2\/pages\/12\/revisions"}],"predecessor-version":[{"id":494,"href":"https:\/\/ahimsa-yogaschule.de\/index.php?rest_route=\/wp\/v2\/pages\/12\/revisions\/494"}],"up":[{"embeddable":true,"href":"https:\/\/ahimsa-yogaschule.de\/index.php?rest_route=\/wp\/v2\/pages\/2"}],"wp:attachment":[{"href":"https:\/\/ahimsa-yogaschule.de\/index.php?rest_route=%2Fwp%2Fv2%2Fmedia&parent=12"}],"curies":[{"name":"wp","href":"https:\/\/api.w.org\/{rel}","templated":true}]}}